{"id":20,"date":"2012-11-02T13:15:20","date_gmt":"2012-11-02T12:15:20","guid":{"rendered":"http:\/\/forum-via.org\/?page_id=20"},"modified":"2018-02-12T22:05:37","modified_gmt":"2018-02-12T21:05:37","slug":"20-2","status":"publish","type":"page","link":"https:\/\/forum-via.org\/de\/20-2\/","title":{"rendered":"Wir machen Nachhaltigkeit erlebbar!"},"content":{"rendered":"<p style=\"text-align: justify;\">Willkommen auf der Homepage von <a title=\"\u00dcber uns\" href=\"http:\/\/forum-via.org\/uber-uns\/\"><strong>ViA: Forum f\u00fcr nachhaltige Visionen in Aktion<\/strong><\/a>!<\/p>\n<p style=\"text-align: justify;\"><strong>ViA<\/strong> versteht sich als Inkubator f\u00fcr junge Visionen und als Plattform f\u00fcr zukunftsf\u00e4hige Lebens-Wirtschafts- und Arbeitsformen weltweit.<\/p>\n<p style=\"text-align: justify;\">In der interaktiven Arbeit mit Jugendlichen und jungen Erwachsenen sollen die Herausforderungen unserer Zeit (Wirtschaftskrise, Biodiversit\u00e4tskrise, Umweltschutz, Klimawandel usw.) nicht nur thematisiert, sondern auch ein konstruktiver und proaktiver Umgang damit gef\u00f6rdert werden. Damit wollen wir einen Beitrag leisten, den <em>Sustainable Development Goals <\/em>(SDGs) der Vereinten Nationen bis 2030 ein St\u00fcck n\u00e4her zu kommen.<\/p>\n<p style=\"text-align: justify;\"><a title=\"\u00dcber uns\" href=\"http:\/\/forum-via.org\/uber-uns\/\"><strong>Mehr<\/strong><\/a> \u00fcber ViA lesen&#8230;<\/p>\n<p style=\"text-align: justify;\">_______________________________________________________________________<\/p>\n<p style=\"text-align: justify;\"><img decoding=\"async\" loading=\"lazy\" class=\"alignleft size-thumbnail wp-image-397\" src=\"http:\/\/forum-via.org\/wp-content\/uploads\/2012\/11\/Vision_forumvia_opt_opt-150x150.jpg\" alt=\"Vision_forumvia_opt_opt\" width=\"150\" height=\"150\" \/><\/p>\n<p style=\"text-align: justify;\"><strong>Vision\u00e4re in Aktion!<\/strong><\/p>\n<p style=\"text-align: justify;\">Acht Vision\u00e4re starteten das Jahr 2018 mit einem Changemaker-Workshop: Gemeinsam wollen wir auch in diesem Jahr wieder unnachhaltige Logiken auf den Kopf stellen und die nachhaltige Zukunft in greifbare N\u00e4he bringen. <a href=\"http:\/\/www.facebook.com\/forumvia\">Sei dabei <\/a>wenn wir die Projekte umsetzen, die 2018 zum Jahr der nachhaltigen Visionen in Aktion machen werden.<\/p>\n<p style=\"text-align: justify;\">________________________________________________________________________<\/p>\n<p style=\"text-align: justify;\"><a href=\"http:\/\/www.sdgwatch.at\/de\/\" rel=\"lightbox\"><img decoding=\"async\" loading=\"lazy\" class=\"alignleft wp-image-2807 size-thumbnail\" title=\"Copyright: \u00d6KOB\u00dcRO\/ nina oberleitner: https:\/\/salon.io\/sonophotography\" src=\"http:\/\/forum-via.org\/wp-content\/uploads\/2012\/11\/SDG_WatchAustria-1-150x150.jpg\" alt=\"SDG_WatchAustria\" width=\"150\" height=\"150\" \/><\/a>Am 27.9. war ViA beim Launch der neuen SDG-Watch Plattform am Heldenplatz in Wien dabei. Gemeinsam mit 80 NGOs werden wir die Plattform nutzen, um die Regierung endlich dazu zu bewegen, die Sustainable Development Goals (SDGs) zur Chefsache zu machen! <strong>#SDGsumsetzen #Zukunfterm\u00f6glichen &#8211; <\/strong>Damit sind wir auch gleichzeitig Teil der Europ\u00e4ischen Initiative SDG Watch Europe! <strong>Folge der Bewegung auf Facebook @forumvia, @sdgwatchaustria und auf <\/strong><a href=\"http:\/\/www.sdgwatch.at\">www.sdgwatch.at<\/a><\/p>\n<p>________________________________________________________________________<\/p>\n<p><em>&#8222;When I hear, I forget. When I see, I remember. When I do, I understand\u201d.<\/em><\/p>\n<p style=\"text-align: justify;\">Anl\u00e4sslich des <a href=\"http:\/\/www.boku.ac.at\/nachhaltigkeit\/nachhaltigkeitstag\/\">BOKU Nachhaltigkeitstags 2017<\/a> macht ViA Nachhaltigkeit einmal mehr erlebbar: Sei dabei und erlebe selbst wie \u00fcber Simulationen abstrakte Themen der Nachhaltigkeit wie etwa exponentielles Wachstum, die Tragik der Allmende oder auch die Bedeutung von Feedback Loops pl\u00f6tzlich greifbar und konkret werden.<\/p>\n<p><strong>Ort:<\/strong> Wilhelm Exner Haus &#8211; EH05<\/p>\n<p><strong>Datum und Zeit:<\/strong> 1.Juni 2017 &#8211; 11:45 &#8211; 17:00 Uhr<\/p>\n<p><a href=\"http:\/\/www.boku.ac.at\/nachhaltigkeit\/nachhaltigkeitstag\/\" rel=\"lightbox\"><img decoding=\"async\" loading=\"lazy\" class=\"alignnone size-full wp-image-2771\" src=\"http:\/\/forum-via.org\/wp-content\/uploads\/2012\/11\/BOKUNATAG_logo.jpg\" alt=\"BOKUNATAG_logo\" width=\"735\" height=\"490\" srcset=\"https:\/\/forum-via.org\/wp-content\/uploads\/2012\/11\/BOKUNATAG_logo.jpg 735w, https:\/\/forum-via.org\/wp-content\/uploads\/2012\/11\/BOKUNATAG_logo-300x200.jpg 300w, https:\/\/forum-via.org\/wp-content\/uploads\/2012\/11\/BOKUNATAG_logo-450x300.jpg 450w\" sizes=\"(max-width: 735px) 100vw, 735px\" \/><\/a>___________________________________________________________________<\/p>\n<h1><strong>SDGs umsetzen<\/strong> \u2013 Gemeinsamer Brief von 144 Organisationen an die Bundesregierung<\/h1>\n<div class=\"intro\">\n<p style=\"text-align: justify;\">J\u00e4nner\/Februar 2017: Damit die \u00f6sterreichische Regierung \u00fcber ein Jahr nach dem Inkrafttreten der <a href=\"http:\/\/www.un.org\/sustainabledevelopment\/sustainable-development-goals\/\">UN Sustainable Development Goals<\/a> (SDGs) ihre Bem\u00fchungen zu deren transparenter und effizienter Umsetzung verst\u00e4rkt, haben wir uns der Initiative der befreundeten NGO Globale Verantwortung angeschlossen und mit 144 weiteren Organisationen einen <a href=\"http:\/\/www.globaleverantwortung.at\/download?id=1668\">gemeinsamen Brief<\/a> an die Bundesregierung geschickt.<\/p>\n<\/div>\n<div class=\"bodydiv\">\n<p style=\"text-align: justify;\">Die Mitglieder der Bundesregierung sowie die beiden Staatssekret\u00e4rInnen wurden in dem pers\u00f6nlichen Schreiben auf die Dringlichkeit der Situation aufmerksam gemacht. Es wurden zudem konkrete n\u00e4chste Schritte f\u00fcr die Umsetzung der SDGs vorgeschlagen. Inhalte und Reaktionen der Regierung k\u00f6nnt ihr <a href=\"https:\/\/www.globaleverantwortung.at\/sdgs-umsetzen-brief-von-144-organisationen-an-bundesregierung\">hier <\/a>nachlesen.<\/p>\n<p><a href=\"http:\/\/www.un.org\/sustainabledevelopment\/sustainable-development-goals\/\" rel=\"lightbox\"><img decoding=\"async\" loading=\"lazy\" class=\"alignnone size-full wp-image-2775\" src=\"http:\/\/forum-via.org\/wp-content\/uploads\/2012\/11\/SDG_logo_UN.png\" alt=\"SDG_logo_UN\" width=\"778\" height=\"137\" srcset=\"https:\/\/forum-via.org\/wp-content\/uploads\/2012\/11\/SDG_logo_UN.png 778w, https:\/\/forum-via.org\/wp-content\/uploads\/2012\/11\/SDG_logo_UN-300x53.png 300w, https:\/\/forum-via.org\/wp-content\/uploads\/2012\/11\/SDG_logo_UN-768x135.png 768w, https:\/\/forum-via.org\/wp-content\/uploads\/2012\/11\/SDG_logo_UN-500x88.png 500w\" sizes=\"(max-width: 778px) 100vw, 778px\" \/><\/a><\/p>\n<p>___________________________________________________________________<\/p>\n<\/div>\n<p style=\"text-align: justify;\">Gemeinsam mit dem <a href=\"http:\/\/www.leihladen.at\/wp\/\">Leihladen <\/a>Wien, <a href=\"http:\/\/nachhaltig.at\/\">SOL <\/a>und <a class=\"profileLink\" href=\"https:\/\/www.facebook.com\/erdpapiere\/\" data-hovercard=\"\/ajax\/hovercard\/page.php?id=812242418902073\">ERDpapiere <\/a>veranstalteten wir im Rahmen der <strong>Aktionstage Nachhaltigkeit<\/strong> das <strong>&#8222;Hektar-Spiel&#8220;<\/strong> &#8211; ein <strong>Experiment<\/strong> zum Thema &#8222;Ressourcenknappheit und Ressourcenverteilung&#8220;.<\/p>\n<p style=\"text-align: justify;\">Mehr Infos hier: <a href=\"http:\/\/www.nachhaltigesoesterreich.at\/?post_type=aktion&amp;p=12503\" target=\"_blank\" rel=\"nofollow\">http:\/\/www.nachhaltigesoesterreich.at\/\u2026<\/a><\/p>\n<p style=\"text-align: justify;\"><a href=\"http:\/\/forum-via.org\/wp-content\/uploads\/2012\/11\/Pr\u00e4sentation1-1.jpg\" rel=\"attachment wp-att-2631\"><img decoding=\"async\" loading=\"lazy\" class=\"alignnone size-full wp-image-2631\" src=\"http:\/\/forum-via.org\/wp-content\/uploads\/2012\/11\/Pr\u00e4sentation1-1.jpg\" alt=\"Pr\u00e4sentation1\" width=\"390\" height=\"96\" srcset=\"https:\/\/forum-via.org\/wp-content\/uploads\/2012\/11\/Pr\u00e4sentation1-1.jpg 390w, https:\/\/forum-via.org\/wp-content\/uploads\/2012\/11\/Pr\u00e4sentation1-1-300x74.jpg 300w\" sizes=\"(max-width: 390px) 100vw, 390px\" \/><\/a>___________________________________________________________________<\/p>\n<p style=\"text-align: justify;\">Im Rahmen der &#8222;<strong>interaktiven Umweltdoku<\/strong>&#8220; vom deutsch-franz\u00f6sischen Sender <strong>ARTE<\/strong> haben wir ein Interview mit Valentinas italienischem Onkel, der jahrzehntelang Fischer in S\u00fcd-Italien war, gefilmt und an ARTE weitergegeben. Das Interview kann man im ARTE Film sehen, nur leider ist der Film nicht mehr auf der ARTE-Seite verf\u00fcgbar.<\/p>\n<p style=\"text-align: justify;\"><img decoding=\"async\" loading=\"lazy\" class=\"aligncenter wp-image-2358 size-full\" src=\"http:\/\/forum-via.org\/wp-content\/uploads\/2012\/11\/ARTE_screenshot_opt.png\" alt=\"ARTE_screenshot_opt\" width=\"800\" height=\"393\" srcset=\"https:\/\/forum-via.org\/wp-content\/uploads\/2012\/11\/ARTE_screenshot_opt.png 800w, https:\/\/forum-via.org\/wp-content\/uploads\/2012\/11\/ARTE_screenshot_opt-300x147.png 300w, https:\/\/forum-via.org\/wp-content\/uploads\/2012\/11\/ARTE_screenshot_opt-500x246.png 500w\" sizes=\"(max-width: 800px) 100vw, 800px\" \/>________________________________________________________________________<\/p>\n<p style=\"text-align: justify;\">Schaut dieses kurzes Video von <strong>Irene, eine ViA Botschafterin<\/strong>, an, als sie auf ihre flugzeugfreie Reise von Wien, \u00d6sterreich nach Kuala Lumpur, Malaysien aufbricht! Irene hat eine Klasse im <a href=\"http:\/\/www.rosasgasse.at\/\" target=\"_blank\">Rosasgasse Gymnasium<\/a> in Wien adoptiert und den Sch\u00fclerInnen w\u00e4hrend ihrer Reise die Verbindung zwischen Menschenrechten und Nachhaltigkeit beleuchtet.<\/p>\n<p style=\"text-align: justify;\"><iframe loading=\"lazy\" src=\"https:\/\/www.youtube.com\/embed\/1D9NKhp6DA4?feature=player_detailpage\" width=\"640\" height=\"360\" frameborder=\"0\" allowfullscreen=\"allowfullscreen\"><\/iframe><\/p>\n<p>________________________________________________________________________<\/p>\n<p style=\"text-align: justify;\"><a title=\"GO Eco-Social Masterarbeiten-Portal\" href=\"http:\/\/www.oessfo.at\/index.php?option=com_content&amp;view=article&amp;id=65&amp;Itemid=108\" target=\"_blank\"><img decoding=\"async\" loading=\"lazy\" class=\" wp-image-2131 alignleft\" src=\"http:\/\/forum-via.org\/wp-content\/uploads\/2015\/05\/goecosocial_ma-portal_logo.jpg\" alt=\"goecosocial_ma-portal_logo\" width=\"204\" height=\"108\" \/><\/a><strong>Das &#8222;Choose Your Own Sustainability Adventure&#8220; Projekt wird evaluiert! <\/strong>\u00dcber das <a title=\"GO Eco-Social Masterarbeiten-Portal\" href=\"http:\/\/www.oessfo.at\/index.php?option=com_content&amp;view=article&amp;id=65&amp;Itemid=108\" target=\"_blank\">GO Eco-Social Masterarbeiten-Portal<\/a> des <a title=\"Eco-Social Student Forum (\u00d6SSFO)\" href=\"http:\/\/www.oessfo.at\/\" target=\"_blank\">\u00d6kosozialen Studierendenforums<\/a> (\u00d6SSFO) ist Miriam Bahn, eine Masterstudentin der Sozial\u00f6kologie an der Wiener Zweigstelle der Universit\u00e4t Klagenfurt (\u00d6sterreich), auf das Thema ihrer Masterarbeit gesto\u00dfen. Ihre Arbeit wird nun eine direkte Auswirkung auf die k\u00fcnftige Umsetzung unseres Projekts haben. In den kommenden Monaten wird Miriam ihren Forschungsfragen nachgehen. Dabei wird sie unterschiedliche Stakeholder in Bezug auf das Projekt interviewen und evaluieren, wie das Projekt die Ziele der UN Dekade f\u00fcr Bildung f\u00fcr Nachhaltige Bildung f\u00f6rdert und erreicht. Wir freuen uns schon auf die Zusammenarbeit und die Ergebnisse ihrer Forschung!<\/p>\n<p><span style=\"border-radius: 2px; text-indent: 20px; width: auto; padding: 0px 4px 0px 0px; text-align: center; font: bold 11px\/20px 'Helvetica Neue',Helvetica,sans-serif; color: #ffffff; background: #bd081c no-repeat scroll 3px 50% \/ 14px 14px; position: absolute; opacity: 1; z-index: 8675309; display: none; cursor: pointer; top: 817px; left: 20px;\">Merken<\/span><\/p>\n<p><span style=\"border-radius: 2px; text-indent: 20px; width: auto; padding: 0px 4px 0px 0px; text-align: center; font: bold 11px\/20px 'Helvetica Neue',Helvetica,sans-serif; color: #ffffff; background: #bd081c no-repeat scroll 3px 50% \/ 14px 14px; position: absolute; opacity: 1; z-index: 8675309; display: none; cursor: pointer; top: 5126px; left: 123px;\">Merken<\/span><\/p>\n<p><span style=\"border-radius: 2px; text-indent: 20px; width: auto; padding: 0px 4px 0px 0px; text-align: center; font: bold 11px\/20px 'Helvetica Neue',Helvetica,sans-serif; color: #ffffff; background: #bd081c no-repeat scroll 3px 50% \/ 14px 14px; position: absolute; opacity: 1; z-index: 8675309; display: none; cursor: pointer; top: 817px; left: 20px;\">Merken<\/span><\/p>\n<p><span style=\"border-radius: 2px; text-indent: 20px; width: auto; padding: 0px 4px 0px 0px; text-align: center; font: bold 11px\/20px 'Helvetica Neue',Helvetica,sans-serif; color: #ffffff; background: #bd081c no-repeat scroll 3px 50% \/ 14px 14px; position: absolute; opacity: 1; z-index: 8675309; display: none; cursor: pointer; top: 651px; left: 20px;\">Merken<\/span><\/p>\n<p><span style=\"border-radius: 2px; text-indent: 20px; width: auto; padding: 0px 4px 0px 0px; text-align: center; font: bold 11px\/20px 'Helvetica Neue',Helvetica,sans-serif; color: #ffffff; background: #bd081c no-repeat scroll 3px 50% \/ 14px 14px; position: absolute; opacity: 1; z-index: 8675309; display: none; cursor: pointer; top: 1540px; left: 20px;\">Merken<\/span><\/p>\n<p><span style=\"border-radius: 2px; text-indent: 20px; width: auto; padding: 0px 4px 0px 0px; text-align: center; font: bold 11px\/20px 'Helvetica Neue',Helvetica,sans-serif; color: #ffffff; background: #bd081c no-repeat scroll 3px 50% \/ 14px 14px; position: absolute; opacity: 1; z-index: 8675309; display: none; cursor: pointer; top: 651px; left: 20px;\">Merken<\/span><\/p>\n<p><span style=\"border-radius: 2px; text-indent: 20px; width: auto; padding: 0px 4px 0px 0px; text-align: center; font: bold 11px\/20px 'Helvetica Neue',Helvetica,sans-serif; color: #ffffff; background: #bd081c no-repeat scroll 3px 50% \/ 14px 14px; position: absolute; opacity: 1; z-index: 8675309; display: none; cursor: pointer;\">Merken<\/span><\/p>\n<p><span style=\"border-radius: 2px; text-indent: 20px; width: auto; padding: 0px 4px 0px 0px; text-align: center; font: bold 11px\/20px 'Helvetica Neue',Helvetica,sans-serif; color: #ffffff; background: #bd081c no-repeat scroll 3px 50% \/ 14px 14px; position: absolute; opacity: 1; z-index: 8675309; display: none; cursor: pointer;\">Merken<\/span><\/p>\n<p><span style=\"border-radius: 2px; text-indent: 20px; width: auto; padding: 0px 4px 0px 0px; text-align: center; font: bold 11px\/20px 'Helvetica Neue',Helvetica,sans-serif; color: #ffffff; background: #bd081c no-repeat scroll 3px 50% \/ 14px 14px; position: absolute; opacity: 1; z-index: 8675309; display: none; cursor: pointer;\">Merken<\/span><\/p>\n","protected":false},"excerpt":{"rendered":"<p>Willkommen auf der Homepage von ViA: Forum f\u00fcr nachhaltige Visionen in Aktion! ViA versteht sich als Inkubator f\u00fcr junge Visionen und als Plattform f\u00fcr zukunftsf\u00e4hige Lebens-Wirtschafts- und Arbeitsformen weltweit. In der interaktiven Arbeit mit Jugendlichen und jungen Erwachsenen sollen die Herausforderungen unserer Zeit (Wirtschaftskrise, Biodiversit\u00e4tskrise, Umweltschutz, Klimawandel usw.) nicht nur thematisiert, sondern auch ein konstruktiver und proaktiver Umgang damit gef\u00f6rdert werden. Damit wollen wir einen Beitrag leisten, den Sustainable Development Goals (SDGs) der Vereinten Nationen bis 2030 ein St\u00fcck n\u00e4her&hellip;<\/p>\n","protected":false},"author":1,"featured_media":0,"parent":0,"menu_order":0,"comment_status":"closed","ping_status":"open","template":"sidebar-page.php","meta":{"footnotes":""},"translation":{"provider":"WPGlobus","version":"3.0.2","language":"de","enabled_languages":["en","de"],"languages":{"en":{"title":true,"content":true,"excerpt":false},"de":{"title":false,"content":false,"excerpt":false}}},"acf":[],"_links":{"self":[{"href":"https:\/\/forum-via.org\/de\/wp-json\/wp\/v2\/pages\/20"}],"collection":[{"href":"https:\/\/forum-via.org\/de\/wp-json\/wp\/v2\/pages"}],"about":[{"href":"https:\/\/forum-via.org\/de\/wp-json\/wp\/v2\/types\/page"}],"author":[{"embeddable":true,"href":"https:\/\/forum-via.org\/de\/wp-json\/wp\/v2\/users\/1"}],"replies":[{"embeddable":true,"href":"https:\/\/forum-via.org\/de\/wp-json\/wp\/v2\/comments?post=20"}],"version-history":[{"count":151,"href":"https:\/\/forum-via.org\/de\/wp-json\/wp\/v2\/pages\/20\/revisions"}],"predecessor-version":[{"id":4618,"href":"https:\/\/forum-via.org\/de\/wp-json\/wp\/v2\/pages\/20\/revisions\/4618"}],"wp:attachment":[{"href":"https:\/\/forum-via.org\/de\/wp-json\/wp\/v2\/media?parent=20"}],"curies":[{"name":"wp","href":"https:\/\/api.w.org\/{rel}","templated":true}]}}