{"id":2568,"date":"2016-03-30T23:19:02","date_gmt":"2016-03-30T21:19:02","guid":{"rendered":"http:\/\/forum-via.org\/?page_id=2568"},"modified":"2018-05-30T14:05:58","modified_gmt":"2018-05-30T12:05:58","slug":"2-challenge-clara-seraphin","status":"publish","type":"page","link":"https:\/\/forum-via.org\/de\/2-challenge-clara-seraphin\/","title":{"rendered":"2. Challenge Clara &#038; Seraphin"},"content":{"rendered":"<div class=\"ctsc-focus ctsc-focus-normal \" style=\" background:#bae3e3;\">\n<p><a href=\"http:\/\/forum-via.org\/de\/2-challenge-clara-seraphin-solution\/\">HIER<\/a> gehts zur Aufl\u00f6sung der Challenge!<\/p>\n<\/div>\n<p>Hallo liebe Sch\u00fclerInnen und LehrerInnen!<a href=\"http:\/\/forum-via.org\/wp-content\/uploads\/2016\/03\/20160119Stra\u00dfe-in-Jaipur_opt.jpg\" rel=\"lightbox\"><img decoding=\"async\" loading=\"lazy\" class=\"alignright wp-image-2575\" src=\"http:\/\/forum-via.org\/wp-content\/uploads\/2016\/03\/20160119Stra\u00dfe-in-Jaipur_opt-300x225.jpg\" alt=\"\" width=\"150\" height=\"113\" srcset=\"https:\/\/forum-via.org\/wp-content\/uploads\/2016\/03\/20160119Stra\u00dfe-in-Jaipur_opt-300x225.jpg 300w, https:\/\/forum-via.org\/wp-content\/uploads\/2016\/03\/20160119Stra\u00dfe-in-Jaipur_opt.jpg 400w\" sizes=\"(max-width: 150px) 100vw, 150px\" \/><\/a><\/p>\n<p>Wir sind inzwischen durch Indien und Nepal ged\u00fcst, in Vietnam gelandet und wurden seit Beginn unserer Reise von einem Thema begleitet: M\u00fcll. Er liegt zuhauf auf den Stra\u00dfen, in Fl\u00fcssen, sogar auf Wanderwegen, teilweise am Strand, einfach \u00fcberall. Auf den M\u00fcllbergen fressen K\u00fche, Hunde und Ziegen alles M\u00f6gliche, manchmal stinkt <a href=\"http:\/\/forum-via.org\/wp-content\/uploads\/2016\/03\/20160114-Stra\u00dfe-in-Delhi_opt.jpg\" rel=\"lightbox\"><img decoding=\"async\" loading=\"lazy\" class=\"alignright wp-image-2574\" src=\"http:\/\/forum-via.org\/wp-content\/uploads\/2016\/03\/20160114-Stra\u00dfe-in-Delhi_opt-300x225.jpg\" alt=\"\" width=\"150\" height=\"113\" srcset=\"https:\/\/forum-via.org\/wp-content\/uploads\/2016\/03\/20160114-Stra\u00dfe-in-Delhi_opt-300x225.jpg 300w, https:\/\/forum-via.org\/wp-content\/uploads\/2016\/03\/20160114-Stra\u00dfe-in-Delhi_opt.jpg 400w\" sizes=\"(max-width: 150px) 100vw, 150px\" \/><\/a>es bestialisch &#8211; und das gleich neben Wohnh\u00e4usern oder sogar ums Eck von Luxushotels, wir waren ja nicht mal auf einer M\u00fclldeponie! In Zug und Bus schmei\u00dft man prinzipiell alles aus dem Fenster, es gibt keine M\u00fclleimer. M\u00fcllabfuhr gibt es ab und zu. H\u00e4ufiger ist uns aufgefallen, dass (wenn \u00fcberhaupt) einfach alles am Stra\u00dfenrand zusammengekehrt und dort direkt verbrennt wird: Papier und Bio, aber auch Plastik. Den <a href=\"http:\/\/forum-via.org\/wp-content\/uploads\/2016\/03\/20160227-Munnar-M\u00fcllfeuer_opt.jpg\" rel=\"lightbox\"><img decoding=\"async\" loading=\"lazy\" class=\"alignright wp-image-2576\" src=\"http:\/\/forum-via.org\/wp-content\/uploads\/2016\/03\/20160227-Munnar-M\u00fcllfeuer_opt-300x225.jpg\" alt=\"\" width=\"150\" height=\"113\" srcset=\"https:\/\/forum-via.org\/wp-content\/uploads\/2016\/03\/20160227-Munnar-M\u00fcllfeuer_opt-300x225.jpg 300w, https:\/\/forum-via.org\/wp-content\/uploads\/2016\/03\/20160227-Munnar-M\u00fcllfeuer_opt.jpg 400w\" sizes=\"(max-width: 150px) 100vw, 150px\" \/><\/a>Versuch, zu trennen, haben wir auch manchmal bemerkt, ist aber bisher meist gescheitert. Dann war im K\u00fcbel mit der Aufschrift &#8222;Bio&#8220; trotzdem Plastik.<\/p>\n<p>Nun sind wir auf das Video unten gesto\u00dfen, das uns beeindruckt hat. Seht euch das doch mal an.<\/p>\n<p><iframe loading=\"lazy\" src=\"https:\/\/www.youtube.com\/embed\/BqA1du8VoMk\" width=\"600\" height=\"400\" frameborder=\"0\" allowfullscreen=\"allowfullscreen\" data-mce-fragment=\"1\"><\/iframe><\/p>\n<p>Das Problem &#8222;M\u00fcll&#8220; besteht nicht nur in Asien, sondern auch im Westen &#8211; nur gibt es dort bessere Verwertung und manchmal wird es einfach unauff\u00e4lliger und h\u00fcbscher unter den Tisch gekehrt.<\/p>\n<p><strong>Nun zur CHALLENGE:<\/strong> Wir haben uns \u00fcberlegt, diesmal mit <a href=\"http:\/\/forum-via.org\/wp-content\/uploads\/2016\/03\/20160119-Nebenstra\u00dfe-in-Jaipur_opt.jpg\" rel=\"lightbox\"><img decoding=\"async\" loading=\"lazy\" class=\"alignleft wp-image-2573\" src=\"http:\/\/forum-via.org\/wp-content\/uploads\/2016\/03\/20160119-Nebenstra\u00dfe-in-Jaipur_opt-300x225.jpg\" alt=\"\" width=\"150\" height=\"113\" srcset=\"https:\/\/forum-via.org\/wp-content\/uploads\/2016\/03\/20160119-Nebenstra\u00dfe-in-Jaipur_opt-300x225.jpg 300w, https:\/\/forum-via.org\/wp-content\/uploads\/2016\/03\/20160119-Nebenstra\u00dfe-in-Jaipur_opt.jpg 400w\" sizes=\"(max-width: 150px) 100vw, 150px\" \/><\/a>euch gemeinsam aktiv zu werden! Jeder von uns (oder gruppenweise, bitte besprecht das mit euren Lehrern\/ Sch\u00fclern) sammelt einen Tag lang jeglichen M\u00fcll, der irgendwie anf\u00e4llt, in einem Sack. So wie die beiden M\u00e4dels im Video. Sei es ein Stift oder eine Packung Chips, eine Cola-Flasche oder ein Sackerl &#8211; alles rein und abends ein Foto machen. Nat\u00fcrlich m\u00fcssen wir dabei auf unsere <a href=\"http:\/\/forum-via.org\/wp-content\/uploads\/2016\/03\/20160119-M\u00fcllfluss-in-Jaipur_opt.jpg\" rel=\"lightbox\"><img decoding=\"async\" loading=\"lazy\" class=\"wp-image-2572 alignleft\" src=\"http:\/\/forum-via.org\/wp-content\/uploads\/2016\/03\/20160119-M\u00fcllfluss-in-Jaipur_opt-300x225.jpg\" alt=\"\" width=\"150\" height=\"113\" srcset=\"https:\/\/forum-via.org\/wp-content\/uploads\/2016\/03\/20160119-M\u00fcllfluss-in-Jaipur_opt-300x225.jpg 300w, https:\/\/forum-via.org\/wp-content\/uploads\/2016\/03\/20160119-M\u00fcllfluss-in-Jaipur_opt.jpg 400w\" sizes=\"(max-width: 150px) 100vw, 150px\" \/><\/a>Ehrlichkeit vertrauen! Es soll einen &#8222;normalen&#8220; Tag zeigen &#8211; bei euch im Alltag, bei uns beim Reisen. Am Schluss sehen wir mal, was so alles an einem Tag anf\u00e4llt &#8230; Was haltet ihr davon? Seid ihr dabei?<\/p>\n<p>Wenn ja, habt ihr das zu tun:<br \/>\n1. Einen Tag lang JEGLICHEN M\u00fcll in einem Sack sammeln<a href=\"http:\/\/forum-via.org\/wp-content\/uploads\/2016\/03\/20160311-Vom-Zug-aus-_opt.jpg\" rel=\"lightbox\"><img decoding=\"async\" loading=\"lazy\" class=\"wp-image-2580 alignleft\" src=\"http:\/\/forum-via.org\/wp-content\/uploads\/2016\/03\/20160311-Vom-Zug-aus-_opt-300x225.jpg\" alt=\"\" width=\"150\" height=\"113\" srcset=\"https:\/\/forum-via.org\/wp-content\/uploads\/2016\/03\/20160311-Vom-Zug-aus-_opt-300x225.jpg 300w, https:\/\/forum-via.org\/wp-content\/uploads\/2016\/03\/20160311-Vom-Zug-aus-_opt.jpg 400w\" sizes=\"(max-width: 150px) 100vw, 150px\" \/><\/a> (nicht schummeln! An diesem Tag darf kein Mistk\u00fcbel au\u00dfer eurem Sack verwendet werden!)<br \/>\n2. Ein Foto von (euch und) eurem Sack machen und uns schicken<br \/>\n3. Erfahrt ihr, wenn wir alle Fotos haben &#8211; ist noch ein kleines Gedankenexperiment \ud83d\ude09<\/p>\n<p>4. Wenn ihr Zeit f\u00fcr <strong>Recherche<\/strong> habt, folgende Fragen beantworten:<br \/>\n&#8211; Wie lange brauchen 1 Banane, 1 Zeitung, 1 Apfel, 1 Plastikflasche, 1 Autoreifen, 1 Blechdose, 1 Kaugummi zum Verrotten?<br \/>\n&#8211; Was passiert, wenn man M\u00fcll (Plastik) verbrennt? Wie wirkt es sich auf die Umwelt\/ auf die Gesundheit aus?<br \/>\n&#8211; Wie viel M\u00fcll f\u00e4llt in \u00d6sterreich, wieviel in Asien pro Kopf an?<\/p>\n<p><strong>Deadline:<\/strong> Bitte schreibt uns verl\u00e4sslich <strong>bis 1.4., ob ihr f\u00fcr die Challenge bereit seid<\/strong>. Wenn ja, w\u00fcrden wir den <strong>4.4.2016 als &#8222;Sammeltag&#8220; vorschlagen!<\/strong><\/p>\n<p>Wir freuen uns auf eure Antworten,<br \/>\nalles Liebe,<br \/>\nClara &amp; Sera<\/p>\n<p><strong><a href=\"http:\/\/forum-via.org\/projekte\/sustainability-adventure\/challenges-de\/clara-seraphins-challenges\/2-challenge-indiennepal\/2-challenge-indiennepal-auflosung\/\">HIER<\/a> kannst du entdecken, wie die Challenge ausgegangen ist!<\/strong><\/p>\n","protected":false},"excerpt":{"rendered":"<p>Hallo liebe Sch\u00fclerInnen und LehrerInnen! Wir sind inzwischen durch Indien und Nepal ged\u00fcst, in Vietnam gelandet und wurden seit Beginn unserer Reise von einem Thema begleitet: M\u00fcll. Er liegt zuhauf auf den Stra\u00dfen, in Fl\u00fcssen, sogar auf Wanderwegen, teilweise am Strand, einfach \u00fcberall. Auf den M\u00fcllbergen fressen K\u00fche, Hunde und Ziegen alles M\u00f6gliche, manchmal stinkt es bestialisch &#8211; und das gleich neben Wohnh\u00e4usern oder sogar ums Eck von Luxushotels, wir waren ja nicht mal auf einer M\u00fclldeponie! In Zug und&hellip;<\/p>\n","protected":false},"author":1,"featured_media":0,"parent":0,"menu_order":0,"comment_status":"closed","ping_status":"closed","template":"","meta":{"footnotes":""},"translation":{"provider":"WPGlobus","version":"3.0.2","language":"de","enabled_languages":["en","de"],"languages":{"en":{"title":true,"content":true,"excerpt":false},"de":{"title":true,"content":true,"excerpt":false}}},"acf":[],"_links":{"self":[{"href":"https:\/\/forum-via.org\/de\/wp-json\/wp\/v2\/pages\/2568"}],"collection":[{"href":"https:\/\/forum-via.org\/de\/wp-json\/wp\/v2\/pages"}],"about":[{"href":"https:\/\/forum-via.org\/de\/wp-json\/wp\/v2\/types\/page"}],"author":[{"embeddable":true,"href":"https:\/\/forum-via.org\/de\/wp-json\/wp\/v2\/users\/1"}],"replies":[{"embeddable":true,"href":"https:\/\/forum-via.org\/de\/wp-json\/wp\/v2\/comments?post=2568"}],"version-history":[{"count":12,"href":"https:\/\/forum-via.org\/de\/wp-json\/wp\/v2\/pages\/2568\/revisions"}],"predecessor-version":[{"id":4208,"href":"https:\/\/forum-via.org\/de\/wp-json\/wp\/v2\/pages\/2568\/revisions\/4208"}],"wp:attachment":[{"href":"https:\/\/forum-via.org\/de\/wp-json\/wp\/v2\/media?parent=2568"}],"curies":[{"name":"wp","href":"https:\/\/api.w.org\/{rel}","templated":true}]}}